{"id":450,"date":"2025-02-17T13:50:29","date_gmt":"2025-02-17T13:50:29","guid":{"rendered":"https:\/\/bau-tend.com\/?page_id=450"},"modified":"2025-02-17T13:50:29","modified_gmt":"2025-02-17T13:50:29","slug":"isb-poro-blokk-csalad","status":"publish","type":"page","link":"https:\/\/bau-tend.com\/hu\/isb-poro-blokk-csalad\/","title":{"rendered":"ISB\u00ae PORO Modul Csal\u00e1d"},"content":{"rendered":"<div id=\"pl-450\"  class=\"panel-layout\" ><div id=\"pg-450-0\"  class=\"panel-grid panel-no-style\" ><div id=\"pgc-450-0-0\"  class=\"panel-grid-cell\" ><div id=\"panel-450-0-0-0\" class=\"so-panel widget_text panel-first-child panel-last-child\" data-index=\"0\" ><h3 class=\"widget-title\">ISB\u00ae PORO F\u00f6d\u00e9m Modul<\/h3>\t\t\t<div class=\"textwidget\"><p data-pm-slice=\"1 3 []\">Az ISB\u00ae mennyezeti panelek egy <strong>bord\u00e1zott vasbeton lemezb\u0151l<\/strong> \u00e1llnak, amelyben a bord\u00e1k k\u00e9t ir\u00e1nyban mer\u0151legesen helyezkednek el. A szerkezet egys\u00e9ges vastags\u00e1ggal rendelkezik, de merevs\u00e9ge a vasal\u00e1s f\u00fcggv\u00e9ny\u00e9ben v\u00e1ltozik.<\/p>\n<ul data-spread=\"false\">\n<li><strong>Mennyezeti szerkezet magass\u00e1ga:<\/strong> 20-22 cm<\/li>\n<li><strong>Fed\u0151beton vastags\u00e1ga:<\/strong> 3-5 cm<\/li>\n<li><strong>Bordat\u00e1vols\u00e1g:<\/strong> 20 cm<\/li>\n<li><strong>Minim\u00e1lis bordasz\u00e9less\u00e9g:<\/strong> 4 cm<\/li>\n<\/ul>\n<\/div>\n\t\t<\/div><\/div><\/div><div id=\"pg-450-1\"  class=\"panel-grid panel-no-style\" ><div id=\"pgc-450-1-0\"  class=\"panel-grid-cell\" ><div id=\"panel-450-1-0-0\" class=\"so-panel widget_text panel-first-child\" data-index=\"1\" ><h3 class=\"widget-title\">Falstrukt\u00fara<\/h3>\t\t\t<div class=\"textwidget\"><p data-pm-slice=\"1 1 []\">Az ISB\u00ae PORO falmodulok egy <strong>k\u00e9tir\u00e1ny\u00fa, mer\u0151leges bord\u00e1kkal ell\u00e1tott vasbeton szerkezettel<\/strong> rendelkeznek. A bord\u00e1k vastags\u00e1ga egyenletes, de merevs\u00e9g\u00fck elt\u00e9r\u0151 lehet a vasal\u00e1s k\u00f6vetkezt\u00e9ben.<\/p>\n<ul data-spread=\"false\">\n<li><strong>Falvastags\u00e1g:<\/strong> 25 cm<\/li>\n<li><strong>Bordat\u00e1vols\u00e1g:<\/strong> 20 cm<\/li>\n<li><strong>Bordasz\u00e9less\u00e9g:<\/strong> 5 cm<\/li>\n<\/ul>\n<p>A falak jellemz\u0151en vonal ment\u00e9n t\u00e1maszkodnak, alul fix megt\u00e1maszt\u00e1ssal, a padl\u00f3s\u00edkban szabadon\u00a0 vagy r\u00e9szlegesen megtartva. Az <strong>ISB\u00ae \u00e9p\u00edt\u0151rendszer szerkezeti stabilit\u00e1s\u00e1t<\/strong> a vasbeton r\u00e1cs biztos\u00edtja.<\/p>\n<\/div>\n\t\t<\/div><div id=\"panel-450-1-0-1\" class=\"so-panel widget_text\" data-index=\"2\" >\t\t\t<div class=\"textwidget\"><p><img loading=\"lazy\" decoding=\"async\" class=\"alignnone wp-image-327 size-medium\" src=\"https:\/\/bau-tend.com\/wp-content\/uploads\/2024\/03\/isb-building-system-spain-022-300x300.png\" alt=\"\" width=\"300\" height=\"300\" srcset=\"https:\/\/bau-tend.com\/wp-content\/uploads\/2024\/03\/isb-building-system-spain-022-300x300.png 300w, https:\/\/bau-tend.com\/wp-content\/uploads\/2024\/03\/isb-building-system-spain-022-1024x1024.png 1024w, https:\/\/bau-tend.com\/wp-content\/uploads\/2024\/03\/isb-building-system-spain-022-150x150.png 150w, https:\/\/bau-tend.com\/wp-content\/uploads\/2024\/03\/isb-building-system-spain-022-768x768.png 768w, https:\/\/bau-tend.com\/wp-content\/uploads\/2024\/03\/isb-building-system-spain-022.png 1200w\" sizes=\"auto, (max-width: 300px) 85vw, 300px\" \/><\/p>\n<\/div>\n\t\t<\/div><div id=\"panel-450-1-0-2\" class=\"so-panel widget_text panel-last-child\" data-index=\"3\" ><h3 class=\"widget-title\">Falblokk m\u00e9rete<\/h3>\t\t\t<div class=\"textwidget\"><ul data-spread=\"false\">\n<li><strong>m\u00e9ret:<\/strong> 75x50x25 cm<\/li>\n<li><strong>vastags\u00e1g:<\/strong> 25 cm<\/li>\n<\/ul>\n<p>&nbsp;<\/p>\n<\/div>\n\t\t<\/div><\/div><div id=\"pgc-450-1-1\"  class=\"panel-grid-cell\" ><div id=\"panel-450-1-1-0\" class=\"so-panel widget_text panel-first-child\" data-index=\"4\" ><h3 class=\"widget-title\">Innovat\u00edv Por\u00f3zus Beton \u00c9p\u00edt\u0151elemek<\/h3>\t\t\t<div class=\"textwidget\"><p data-pm-slice=\"1 1 []\">Az <strong>ISB\u00ae PORO Modul Csal\u00e1d<\/strong> olyan por\u00f3zus betonb\u00f3l k\u00e9sz\u00fcl\u0151 \u00e9p\u00edt\u0151elemeket foglal mag\u00e1ba, amelyek s\u0171r\u0171s\u00e9ge 300-600 kg\/m3 k\u00f6z\u00f6tt mozog. Ezek a blokkok k\u00fcl\u00f6nb\u00f6z\u0151 vastags\u00e1g\u00fa <strong>ISB\u00ae fal- \u00e9s mennyezetpanelek<\/strong> gy\u00e1rt\u00e1s\u00e1ra alkalmasak.<\/p>\n<\/div>\n\t\t<\/div><div id=\"panel-450-1-1-1\" class=\"so-panel widget_text\" data-index=\"5\" >\t\t\t<div class=\"textwidget\"><p><img loading=\"lazy\" decoding=\"async\" class=\"alignnone wp-image-325 size-medium\" src=\"https:\/\/bau-tend.com\/wp-content\/uploads\/2024\/03\/isb-building-system-spain-021-300x300.png\" alt=\"\" width=\"300\" height=\"300\" srcset=\"https:\/\/bau-tend.com\/wp-content\/uploads\/2024\/03\/isb-building-system-spain-021-300x300.png 300w, https:\/\/bau-tend.com\/wp-content\/uploads\/2024\/03\/isb-building-system-spain-021-1024x1024.png 1024w, https:\/\/bau-tend.com\/wp-content\/uploads\/2024\/03\/isb-building-system-spain-021-150x150.png 150w, https:\/\/bau-tend.com\/wp-content\/uploads\/2024\/03\/isb-building-system-spain-021-768x768.png 768w, https:\/\/bau-tend.com\/wp-content\/uploads\/2024\/03\/isb-building-system-spain-021.png 1200w\" sizes=\"auto, (max-width: 300px) 85vw, 300px\" \/><\/p>\n<\/div>\n\t\t<\/div><div id=\"panel-450-1-1-2\" class=\"so-panel widget_text panel-last-child\" data-index=\"6\" ><h3 class=\"widget-title\">F\u00f6d\u00e9mblokk m\u00e9rete<\/h3>\t\t\t<div class=\"textwidget\"><ul data-spread=\"false\">\n<li><strong>m\u00e9ret: <\/strong>75x50x23 cm<\/li>\n<li><strong>vastags\u00e1g:<\/strong> 23 + 5 cm<\/li>\n<\/ul>\n<p>&nbsp;<\/p>\n<\/div>\n\t\t<\/div><\/div><\/div><div id=\"pg-450-2\"  class=\"panel-grid panel-no-style\" ><div id=\"pgc-450-2-0\"  class=\"panel-grid-cell\" ><div id=\"panel-450-2-0-0\" class=\"so-panel widget_text panel-first-child panel-last-child\" data-index=\"7\" ><h3 class=\"widget-title\">Technol\u00f3giai folyamat<\/h3>\t\t\t<div class=\"textwidget\"><p data-pm-slice=\"1 1 []\">A fal\u00e9p\u00edt\u00e9s sor\u00e1n az \u00e9p\u00edt\u0151elemeket egy el\u0151k\u00e9sz\u00edtett habarcs\u00e1gyra helyezik, az els\u0151 sor ragaszt\u00e1s\u00e1hoz rugalmas ragaszt\u00f3t alkalmazva. Az <strong>els\u0151 sor<\/strong> lerak\u00e1sa ut\u00e1n 60 cm-enk\u00e9nt <strong>50 cm hossz\u00fa, 8 mm vastag betont\u0171sk\u00e9t<\/strong> helyeznek el. Ezt k\u00f6veti a <strong>v\u00edzszintes falvasal\u00e1s<\/strong>, amelyet 20 cm-es k\u00f6z\u00f6kkel helyeznek el.<\/p>\n<p>Miut\u00e1n az ISB\u00ae fal v\u00e1za el\u00e9rte a 2 sor magass\u00e1got, a <strong>f\u00fcgg\u0151leges falvasal\u00e1st<\/strong> a szerkezeti elemekben k\u00e9pz\u0151d\u0151 csatorn\u00e1kba helyezik. A v\u00e1z ezut\u00e1n <strong>C30\/37-04\/F4 min\u0151s\u00e9g\u0171 \u00f6nter\u00fcl\u0151 mikrobetonnal<\/strong> van kit\u00f6ltve.<\/p>\n<p>A fal fel\u00e1ll\u00edt\u00e1sa ut\u00e1n megkezd\u0151dik a mennyezet szerel\u00e9se. Az el\u0151re gy\u00e1rtott <strong>panelezett zsaluzati elemeket<\/strong> a mennyezeti terv szerint r\u00f6gz\u00edtik, majd a mennyezeti vasal\u00e1st helyezik el, amely 15 cm-rel <strong>t\u00fallny\u00falik a falakon<\/strong>, kapcsol\u00f3dva a f\u00fcgg\u0151leges falvasal\u00e1shoz. V\u00e9g\u00fcl az <strong>ISB\u00ae mennyezeti szerkezetet C30\/37-04\/F3 min\u0151s\u00e9g\u0171 mikrobetonnal<\/strong> t\u00f6ltik ki.<\/p>\n<\/div>\n\t\t<\/div><\/div><\/div><\/div>","protected":false},"excerpt":{"rendered":"<p>Az ISB\u00ae mennyezeti panelek egy bord\u00e1zott vasbeton lemezb\u0151l \u00e1llnak, amelyben a bord\u00e1k k\u00e9t ir\u00e1nyban mer\u0151legesen helyezkednek el. A szerkezet egys\u00e9ges vastags\u00e1ggal rendelkezik, de merevs\u00e9ge a vasal\u00e1s f\u00fcggv\u00e9ny\u00e9ben v\u00e1ltozik. Mennyezeti szerkezet magass\u00e1ga: 20-22 cm Fed\u0151beton vastags\u00e1ga: 3-5 cm Bordat\u00e1vols\u00e1g: 20 cm Minim\u00e1lis bordasz\u00e9less\u00e9g: 4 cm Az ISB\u00ae PORO falmodulok egy k\u00e9tir\u00e1ny\u00fa, mer\u0151leges bord\u00e1kkal ell\u00e1tott vasbeton szerkezettel &hellip; <a href=\"https:\/\/bau-tend.com\/hu\/isb-poro-blokk-csalad\/\" class=\"more-link\"><span class=\"screen-reader-text\">&#8222;ISB\u00ae PORO Modul Csal\u00e1d&#8221;<\/span> b\u0151vebben<\/a><\/p>\n","protected":false},"author":2,"featured_media":0,"parent":0,"menu_order":0,"comment_status":"closed","ping_status":"closed","template":"","meta":{"footnotes":""},"class_list":["post-450","page","type-page","status-publish","hentry"],"yoast_head":"<!-- This site is optimized with the Yoast SEO plugin v24.4 - https:\/\/yoast.com\/wordpress\/plugins\/seo\/ -->\n<title>ISB \u00e9p\u00edt\u00e9si rendszer - ISB\u00ae Building System<\/title>\n<meta name=\"description\" content=\"Fedezze fel az ISB\u00ae PORO Blokk Csal\u00e1dot! Energiatakar\u00e9kos, por\u00f3zus beton fal- \u00e9s mennyezetpanelek, gyors telep\u00edt\u00e9ssel \u00e9s kiemelked\u0151 szigetel\u00e9si tulajdons\u00e1gokkal!\" \/>\n<meta name=\"robots\" content=\"index, follow, max-snippet:-1, max-image-preview:large, max-video-preview:-1\" \/>\n<link rel=\"canonical\" href=\"https:\/\/bau-tend.com\/hu\/isb-poro-blokk-csalad\/\" \/>\n<meta property=\"og:locale\" content=\"hu_HU\" \/>\n<meta property=\"og:type\" content=\"article\" \/>\n<meta property=\"og:title\" content=\"ISB \u00e9p\u00edt\u00e9si rendszer - ISB\u00ae Building System\" \/>\n<meta property=\"og:description\" content=\"Fedezze fel az ISB\u00ae PORO Blokk Csal\u00e1dot! Energiatakar\u00e9kos, por\u00f3zus beton fal- \u00e9s mennyezetpanelek, gyors telep\u00edt\u00e9ssel \u00e9s kiemelked\u0151 szigetel\u00e9si tulajdons\u00e1gokkal!\" \/>\n<meta property=\"og:url\" content=\"https:\/\/bau-tend.com\/hu\/isb-poro-blokk-csalad\/\" \/>\n<meta property=\"og:site_name\" content=\"ISB\u00ae Building System\" \/>\n<meta property=\"og:image\" content=\"https:\/\/bau-tend.com\/wp-content\/uploads\/2024\/03\/isb-building-system-spain-022.png\" \/>\n\t<meta property=\"og:image:width\" content=\"1200\" \/>\n\t<meta property=\"og:image:height\" content=\"1200\" \/>\n\t<meta property=\"og:image:type\" content=\"image\/png\" \/>\n<meta name=\"twitter:card\" content=\"summary_large_image\" \/>\n<script type=\"application\/ld+json\" class=\"yoast-schema-graph\">{\"@context\":\"https:\/\/schema.org\",\"@graph\":[{\"@type\":\"WebPage\",\"@id\":\"https:\/\/bau-tend.com\/hu\/isb-poro-blokk-csalad\/\",\"url\":\"https:\/\/bau-tend.com\/hu\/isb-poro-blokk-csalad\/\",\"name\":\"ISB \u00e9p\u00edt\u00e9si rendszer - ISB\u00ae Building System\",\"isPartOf\":{\"@id\":\"https:\/\/bau-tend.com\/hu\/#website\"},\"primaryImageOfPage\":{\"@id\":\"https:\/\/bau-tend.com\/hu\/isb-poro-blokk-csalad\/#primaryimage\"},\"image\":{\"@id\":\"https:\/\/bau-tend.com\/hu\/isb-poro-blokk-csalad\/#primaryimage\"},\"thumbnailUrl\":\"https:\/\/bau-tend.com\/wp-content\/uploads\/2024\/03\/isb-building-system-spain-022-300x300.png\",\"datePublished\":\"2025-02-17T13:50:29+00:00\",\"description\":\"Fedezze fel az ISB\u00ae PORO Blokk Csal\u00e1dot! Energiatakar\u00e9kos, por\u00f3zus beton fal- \u00e9s mennyezetpanelek, gyors telep\u00edt\u00e9ssel \u00e9s kiemelked\u0151 szigetel\u00e9si tulajdons\u00e1gokkal!\",\"breadcrumb\":{\"@id\":\"https:\/\/bau-tend.com\/hu\/isb-poro-blokk-csalad\/#breadcrumb\"},\"inLanguage\":\"hu\",\"potentialAction\":[{\"@type\":\"ReadAction\",\"target\":[\"https:\/\/bau-tend.com\/hu\/isb-poro-blokk-csalad\/\"]}]},{\"@type\":\"ImageObject\",\"inLanguage\":\"hu\",\"@id\":\"https:\/\/bau-tend.com\/hu\/isb-poro-blokk-csalad\/#primaryimage\",\"url\":\"https:\/\/bau-tend.com\/wp-content\/uploads\/2024\/03\/isb-building-system-spain-022-300x300.png\",\"contentUrl\":\"https:\/\/bau-tend.com\/wp-content\/uploads\/2024\/03\/isb-building-system-spain-022-300x300.png\"},{\"@type\":\"BreadcrumbList\",\"@id\":\"https:\/\/bau-tend.com\/hu\/isb-poro-blokk-csalad\/#breadcrumb\",\"itemListElement\":[{\"@type\":\"ListItem\",\"position\":1,\"name\":\"Home\",\"item\":\"https:\/\/bau-tend.com\/hu\/\"},{\"@type\":\"ListItem\",\"position\":2,\"name\":\"ISB\u00ae PORO Modul Csal\u00e1d\"}]},{\"@type\":\"WebSite\",\"@id\":\"https:\/\/bau-tend.com\/hu\/#website\",\"url\":\"https:\/\/bau-tend.com\/hu\/\",\"name\":\"ISB\u00ae Building System\",\"description\":\"\u00bfListo para experimentar el futuro de la construcci\u00f3n en Espa\u00f1a?\",\"potentialAction\":[{\"@type\":\"SearchAction\",\"target\":{\"@type\":\"EntryPoint\",\"urlTemplate\":\"https:\/\/bau-tend.com\/hu\/?s={search_term_string}\"},\"query-input\":{\"@type\":\"PropertyValueSpecification\",\"valueRequired\":true,\"valueName\":\"search_term_string\"}}],\"inLanguage\":\"hu\"}]}<\/script>\n<!-- \/ Yoast SEO plugin. -->","yoast_head_json":{"title":"ISB \u00e9p\u00edt\u00e9si rendszer - ISB\u00ae Building System","description":"Fedezze fel az ISB\u00ae PORO Blokk Csal\u00e1dot! Energiatakar\u00e9kos, por\u00f3zus beton fal- \u00e9s mennyezetpanelek, gyors telep\u00edt\u00e9ssel \u00e9s kiemelked\u0151 szigetel\u00e9si tulajdons\u00e1gokkal!","robots":{"index":"index","follow":"follow","max-snippet":"max-snippet:-1","max-image-preview":"max-image-preview:large","max-video-preview":"max-video-preview:-1"},"canonical":"https:\/\/bau-tend.com\/hu\/isb-poro-blokk-csalad\/","og_locale":"hu_HU","og_type":"article","og_title":"ISB \u00e9p\u00edt\u00e9si rendszer - ISB\u00ae Building System","og_description":"Fedezze fel az ISB\u00ae PORO Blokk Csal\u00e1dot! Energiatakar\u00e9kos, por\u00f3zus beton fal- \u00e9s mennyezetpanelek, gyors telep\u00edt\u00e9ssel \u00e9s kiemelked\u0151 szigetel\u00e9si tulajdons\u00e1gokkal!","og_url":"https:\/\/bau-tend.com\/hu\/isb-poro-blokk-csalad\/","og_site_name":"ISB\u00ae Building System","og_image":[{"width":1200,"height":1200,"url":"https:\/\/bau-tend.com\/wp-content\/uploads\/2024\/03\/isb-building-system-spain-022.png","type":"image\/png"}],"twitter_card":"summary_large_image","schema":{"@context":"https:\/\/schema.org","@graph":[{"@type":"WebPage","@id":"https:\/\/bau-tend.com\/hu\/isb-poro-blokk-csalad\/","url":"https:\/\/bau-tend.com\/hu\/isb-poro-blokk-csalad\/","name":"ISB \u00e9p\u00edt\u00e9si rendszer - ISB\u00ae Building System","isPartOf":{"@id":"https:\/\/bau-tend.com\/hu\/#website"},"primaryImageOfPage":{"@id":"https:\/\/bau-tend.com\/hu\/isb-poro-blokk-csalad\/#primaryimage"},"image":{"@id":"https:\/\/bau-tend.com\/hu\/isb-poro-blokk-csalad\/#primaryimage"},"thumbnailUrl":"https:\/\/bau-tend.com\/wp-content\/uploads\/2024\/03\/isb-building-system-spain-022-300x300.png","datePublished":"2025-02-17T13:50:29+00:00","description":"Fedezze fel az ISB\u00ae PORO Blokk Csal\u00e1dot! Energiatakar\u00e9kos, por\u00f3zus beton fal- \u00e9s mennyezetpanelek, gyors telep\u00edt\u00e9ssel \u00e9s kiemelked\u0151 szigetel\u00e9si tulajdons\u00e1gokkal!","breadcrumb":{"@id":"https:\/\/bau-tend.com\/hu\/isb-poro-blokk-csalad\/#breadcrumb"},"inLanguage":"hu","potentialAction":[{"@type":"ReadAction","target":["https:\/\/bau-tend.com\/hu\/isb-poro-blokk-csalad\/"]}]},{"@type":"ImageObject","inLanguage":"hu","@id":"https:\/\/bau-tend.com\/hu\/isb-poro-blokk-csalad\/#primaryimage","url":"https:\/\/bau-tend.com\/wp-content\/uploads\/2024\/03\/isb-building-system-spain-022-300x300.png","contentUrl":"https:\/\/bau-tend.com\/wp-content\/uploads\/2024\/03\/isb-building-system-spain-022-300x300.png"},{"@type":"BreadcrumbList","@id":"https:\/\/bau-tend.com\/hu\/isb-poro-blokk-csalad\/#breadcrumb","itemListElement":[{"@type":"ListItem","position":1,"name":"Home","item":"https:\/\/bau-tend.com\/hu\/"},{"@type":"ListItem","position":2,"name":"ISB\u00ae PORO Modul Csal\u00e1d"}]},{"@type":"WebSite","@id":"https:\/\/bau-tend.com\/hu\/#website","url":"https:\/\/bau-tend.com\/hu\/","name":"ISB\u00ae Building System","description":"\u00bfListo para experimentar el futuro de la construcci\u00f3n en Espa\u00f1a?","potentialAction":[{"@type":"SearchAction","target":{"@type":"EntryPoint","urlTemplate":"https:\/\/bau-tend.com\/hu\/?s={search_term_string}"},"query-input":{"@type":"PropertyValueSpecification","valueRequired":true,"valueName":"search_term_string"}}],"inLanguage":"hu"}]}},"_links":{"self":[{"href":"https:\/\/bau-tend.com\/hu\/wp-json\/wp\/v2\/pages\/450","targetHints":{"allow":["GET"]}}],"collection":[{"href":"https:\/\/bau-tend.com\/hu\/wp-json\/wp\/v2\/pages"}],"about":[{"href":"https:\/\/bau-tend.com\/hu\/wp-json\/wp\/v2\/types\/page"}],"author":[{"embeddable":true,"href":"https:\/\/bau-tend.com\/hu\/wp-json\/wp\/v2\/users\/2"}],"replies":[{"embeddable":true,"href":"https:\/\/bau-tend.com\/hu\/wp-json\/wp\/v2\/comments?post=450"}],"version-history":[{"count":1,"href":"https:\/\/bau-tend.com\/hu\/wp-json\/wp\/v2\/pages\/450\/revisions"}],"predecessor-version":[{"id":451,"href":"https:\/\/bau-tend.com\/hu\/wp-json\/wp\/v2\/pages\/450\/revisions\/451"}],"wp:attachment":[{"href":"https:\/\/bau-tend.com\/hu\/wp-json\/wp\/v2\/media?parent=450"}],"curies":[{"name":"wp","href":"https:\/\/api.w.org\/{rel}","templated":true}]}}